{"id":50,"date":"2019-11-03T18:33:31","date_gmt":"2019-11-03T17:33:31","guid":{"rendered":"http:\/\/inmabenicio.es\/?page_id=50"},"modified":"2019-11-15T14:15:31","modified_gmt":"2019-11-15T13:15:31","slug":"moda-flamenca","status":"publish","type":"page","link":"https:\/\/inmabenicio.es\/?page_id=50","title":{"rendered":"Moda Flamenca"},"content":{"rendered":"\r\n<figure class=\"wp-block-image\"><img loading=\"lazy\" decoding=\"async\" width=\"770\" height=\"770\" class=\"wp-image-312 aligncenter\" src=\"http:\/\/inmabenicio.es\/wp-content\/uploads\/2019\/11\/IMG_20190524_225217_310.jpg\" alt=\"\" srcset=\"https:\/\/inmabenicio.es\/wp-content\/uploads\/2019\/11\/IMG_20190524_225217_310.jpg 770w, https:\/\/inmabenicio.es\/wp-content\/uploads\/2019\/11\/IMG_20190524_225217_310-300x300.jpg 300w, https:\/\/inmabenicio.es\/wp-content\/uploads\/2019\/11\/IMG_20190524_225217_310-100x100.jpg 100w, https:\/\/inmabenicio.es\/wp-content\/uploads\/2019\/11\/IMG_20190524_225217_310-600x600.jpg 600w, https:\/\/inmabenicio.es\/wp-content\/uploads\/2019\/11\/IMG_20190524_225217_310-150x150.jpg 150w, https:\/\/inmabenicio.es\/wp-content\/uploads\/2019\/11\/IMG_20190524_225217_310-768x768.jpg 768w, https:\/\/inmabenicio.es\/wp-content\/uploads\/2019\/11\/IMG_20190524_225217_310-640x640.jpg 640w, https:\/\/inmabenicio.es\/wp-content\/uploads\/2019\/11\/IMG_20190524_225217_310-480x480.jpg 480w, https:\/\/inmabenicio.es\/wp-content\/uploads\/2019\/11\/IMG_20190524_225217_310-666x666.jpg 666w, https:\/\/inmabenicio.es\/wp-content\/uploads\/2019\/11\/IMG_20190524_225217_310-50x50.jpg 50w\" sizes=\"auto, (max-width: 770px) 100vw, 770px\" \/>\r\n<figcaption>Feria de Jerez<\/figcaption>\r\n<\/figure>\r\n\r\n\r\n\r\n<p>Si hablamos de Moda Flamenca, aqu\u00ed me pierdo. Es por lo que empec\u00e9 en el camino de mis sue\u00f1os. Aunque a veces so\u00f1ar sale caro. Tenemos que sacrificar muchas cosas pero al final te das cuenta que los sue\u00f1os se cumplen tarde o temprano.<\/p>\r\n\r\n\r\n\r\n<p>Mi relaci\u00f3n con la Moda Flamenca es desde casi que nac\u00ed. Siempre fui a mi Feria de Jerez vestida de flamenca. En mi familia era una tradici\u00f3n y que llevamos muy en nuestro sello &#8220;<strong>BENICIO<\/strong>&#8220;. Desde muy peque\u00f1a dise\u00f1\u00e9 mis propios trajes de flamenca, los de mis familiares y mis amigas. Los dise\u00f1aba y los mandaba a una costurera. La verdad es que siempre iba diferente a las dem\u00e1s personas y siempre me alababan lo que dise\u00f1aba. Hasta que un d\u00eda decid\u00ed lanzarme a probar en el mundo de la moda para crear y dise\u00f1ar y no pod\u00eda ser de otra manera que empezando con mi MODA FLAMENCA.<\/p>\r\n\r\n\r\n\r\n<figure class=\"wp-block-image\"><img loading=\"lazy\" decoding=\"async\" width=\"768\" height=\"440\" class=\"wp-image-315 aligncenter\" src=\"http:\/\/inmabenicio.es\/wp-content\/uploads\/2019\/11\/IMG_20181111_104814_958.jpg\" alt=\"\" srcset=\"https:\/\/inmabenicio.es\/wp-content\/uploads\/2019\/11\/IMG_20181111_104814_958.jpg 768w, https:\/\/inmabenicio.es\/wp-content\/uploads\/2019\/11\/IMG_20181111_104814_958-600x344.jpg 600w, https:\/\/inmabenicio.es\/wp-content\/uploads\/2019\/11\/IMG_20181111_104814_958-300x172.jpg 300w\" sizes=\"auto, (max-width: 768px) 100vw, 768px\" \/>\r\n<figcaption>Pasarela Jerez 2018<br \/>Colecci\u00f3n &#8220;El Lunar que lleva tu nombre&#8230;&#8221;<br \/>Fin de fiesta por bulerias en pasarela.<\/figcaption>\r\n<\/figure>\r\n\r\n\r\n\r\n<p>S\u00f3lo puedo deciros:<\/p>\r\n\r\n\r\n\r\n<p style=\"text-align: center;\">&#8220;<strong><em>S\u00e9 diferente para que la gente te pueda ver con claridad entre la multitud<\/em><\/strong>&#8220;<\/p>\r\n\r\n\r\n\r\n<p style=\"text-align: center;\">Desde Inma Benicio en <strong>Moda Flamenca<\/strong> no nos olvidamos de las <strong>princesas de la casa<\/strong>.<\/p>\r\n\r\n\r\n\r\n<p>Las tradiciones hay que seguirlas y en MODA FLAMENCA me encargo yo con las peque\u00f1as de la casa. S\u00f3lo espero que os guste. No hay nada mejor que una ni\u00f1a tenga desde peque\u00f1a el sentimiento tan flamenco nuestro y si encima le damos la opci\u00f3n de ir vestida como su mam\u00e1, m\u00e1s que mejor.<\/p>\r\n\r\n\r\n\r\n<p style=\"text-align: left;\">Nuestra modelo es Luc\u00eda, es una princesita que lleva conmigo saliendo en las pasarelas desde que naci\u00f3. La verdad que apunta maneras&#8230;.<\/p>\r\n\r\n\r\n\r\n<div class=\"wp-block-image\">\r\n<figure class=\"aligncenter is-resized\"><img loading=\"lazy\" decoding=\"async\" class=\"wp-image-323 aligncenter\" src=\"http:\/\/inmabenicio.es\/wp-content\/uploads\/2019\/11\/Screenshot_20191110_164630-1024x1016.jpg\" alt=\"\" width=\"617\" height=\"611\" srcset=\"https:\/\/inmabenicio.es\/wp-content\/uploads\/2019\/11\/Screenshot_20191110_164630-1024x1016.jpg 1024w, https:\/\/inmabenicio.es\/wp-content\/uploads\/2019\/11\/Screenshot_20191110_164630-100x100.jpg 100w, https:\/\/inmabenicio.es\/wp-content\/uploads\/2019\/11\/Screenshot_20191110_164630-150x150.jpg 150w, https:\/\/inmabenicio.es\/wp-content\/uploads\/2019\/11\/Screenshot_20191110_164630-300x298.jpg 300w, https:\/\/inmabenicio.es\/wp-content\/uploads\/2019\/11\/Screenshot_20191110_164630-768x762.jpg 768w, https:\/\/inmabenicio.es\/wp-content\/uploads\/2019\/11\/Screenshot_20191110_164630-50x50.jpg 50w, https:\/\/inmabenicio.es\/wp-content\/uploads\/2019\/11\/Screenshot_20191110_164630.jpg 1080w\" sizes=\"auto, (max-width: 617px) 100vw, 617px\" \/><\/figure>\r\n<\/div>\r\n\r\n\r\n\r\n<div class=\"wp-block-image\">\r\n<figure class=\"aligncenter is-resized\"><img loading=\"lazy\" decoding=\"async\" class=\"wp-image-322 aligncenter\" src=\"http:\/\/inmabenicio.es\/wp-content\/uploads\/2019\/11\/Screenshot_20191110_164534-782x1024.jpg\" alt=\"\" width=\"620\" height=\"811\" srcset=\"https:\/\/inmabenicio.es\/wp-content\/uploads\/2019\/11\/Screenshot_20191110_164534-782x1024.jpg 782w, https:\/\/inmabenicio.es\/wp-content\/uploads\/2019\/11\/Screenshot_20191110_164534-600x786.jpg 600w, https:\/\/inmabenicio.es\/wp-content\/uploads\/2019\/11\/Screenshot_20191110_164534-229x300.jpg 229w, https:\/\/inmabenicio.es\/wp-content\/uploads\/2019\/11\/Screenshot_20191110_164534-768x1006.jpg 768w, https:\/\/inmabenicio.es\/wp-content\/uploads\/2019\/11\/Screenshot_20191110_164534.jpg 1080w\" sizes=\"auto, (max-width: 620px) 100vw, 620px\" \/><\/figure>\r\n<\/div>\r\n\r\n\r\n\r\n<div class=\"wp-block-image\">\r\n<figure class=\"aligncenter is-resized\"><img loading=\"lazy\" decoding=\"async\" class=\"wp-image-321 aligncenter\" src=\"http:\/\/inmabenicio.es\/wp-content\/uploads\/2019\/11\/INMA-DE-BENICIO-2-copia-1024x625-1024x625.jpg\" alt=\"\" width=\"713\" height=\"434\" srcset=\"https:\/\/inmabenicio.es\/wp-content\/uploads\/2019\/11\/INMA-DE-BENICIO-2-copia-1024x625.jpg 1024w, https:\/\/inmabenicio.es\/wp-content\/uploads\/2019\/11\/INMA-DE-BENICIO-2-copia-1024x625-600x366.jpg 600w, https:\/\/inmabenicio.es\/wp-content\/uploads\/2019\/11\/INMA-DE-BENICIO-2-copia-1024x625-300x183.jpg 300w, https:\/\/inmabenicio.es\/wp-content\/uploads\/2019\/11\/INMA-DE-BENICIO-2-copia-1024x625-768x469.jpg 768w\" sizes=\"auto, (max-width: 713px) 100vw, 713px\" \/><\/figure>\r\n<\/div>\r\n\r\n\r\n\r\n<figure class=\"wp-block-image\"><img loading=\"lazy\" decoding=\"async\" width=\"900\" height=\"600\" class=\"wp-image-318 aligncenter\" src=\"http:\/\/inmabenicio.es\/wp-content\/uploads\/2019\/11\/05_Inma-de-Benicio-Chari-GarciaSL_004.jpg\" alt=\"\" srcset=\"https:\/\/inmabenicio.es\/wp-content\/uploads\/2019\/11\/05_Inma-de-Benicio-Chari-GarciaSL_004.jpg 900w, https:\/\/inmabenicio.es\/wp-content\/uploads\/2019\/11\/05_Inma-de-Benicio-Chari-GarciaSL_004-600x400.jpg 600w, https:\/\/inmabenicio.es\/wp-content\/uploads\/2019\/11\/05_Inma-de-Benicio-Chari-GarciaSL_004-300x200.jpg 300w, https:\/\/inmabenicio.es\/wp-content\/uploads\/2019\/11\/05_Inma-de-Benicio-Chari-GarciaSL_004-768x512.jpg 768w\" sizes=\"auto, (max-width: 900px) 100vw, 900px\" \/><\/figure>\r\n\r\n\r\n\r\n<div class=\"wp-block-image\">\r\n<figure class=\"aligncenter\"><img loading=\"lazy\" decoding=\"async\" width=\"682\" height=\"1024\" class=\"wp-image-320 aligncenter\" src=\"http:\/\/inmabenicio.es\/wp-content\/uploads\/2019\/11\/IMG-20190224-WA0122-682x1024.jpg\" alt=\"\" srcset=\"https:\/\/inmabenicio.es\/wp-content\/uploads\/2019\/11\/IMG-20190224-WA0122-682x1024.jpg 682w, https:\/\/inmabenicio.es\/wp-content\/uploads\/2019\/11\/IMG-20190224-WA0122-600x901.jpg 600w, https:\/\/inmabenicio.es\/wp-content\/uploads\/2019\/11\/IMG-20190224-WA0122-200x300.jpg 200w, https:\/\/inmabenicio.es\/wp-content\/uploads\/2019\/11\/IMG-20190224-WA0122-768x1153.jpg 768w, https:\/\/inmabenicio.es\/wp-content\/uploads\/2019\/11\/IMG-20190224-WA0122.jpg 1066w\" sizes=\"auto, (max-width: 682px) 100vw, 682px\" \/><\/figure>\r\n<\/div>\r\n\r\n\r\n\r\n<div class=\"wp-block-image\">\r\n<figure class=\"aligncenter is-resized\"><img loading=\"lazy\" decoding=\"async\" class=\"wp-image-325 aligncenter\" src=\"http:\/\/inmabenicio.es\/wp-content\/uploads\/2019\/11\/FB_IMG_1567708822213-1-820x1024.jpg\" alt=\"\" width=\"543\" height=\"678\" srcset=\"https:\/\/inmabenicio.es\/wp-content\/uploads\/2019\/11\/FB_IMG_1567708822213-1-820x1024.jpg 820w, https:\/\/inmabenicio.es\/wp-content\/uploads\/2019\/11\/FB_IMG_1567708822213-1-600x750.jpg 600w, https:\/\/inmabenicio.es\/wp-content\/uploads\/2019\/11\/FB_IMG_1567708822213-1-240x300.jpg 240w, https:\/\/inmabenicio.es\/wp-content\/uploads\/2019\/11\/FB_IMG_1567708822213-1-768x960.jpg 768w, https:\/\/inmabenicio.es\/wp-content\/uploads\/2019\/11\/FB_IMG_1567708822213-1.jpg 1403w\" sizes=\"auto, (max-width: 543px) 100vw, 543px\" \/><\/figure>\r\n<\/div>\r\n\r\n\r\n\r\n<div class=\"wp-block-image\">\r\n<figure class=\"aligncenter\"><img loading=\"lazy\" decoding=\"async\" width=\"640\" height=\"840\" class=\"wp-image-326 aligncenter\" src=\"http:\/\/inmabenicio.es\/wp-content\/uploads\/2019\/11\/inma-benicio-oleola-4.jpg\" alt=\"\" srcset=\"https:\/\/inmabenicio.es\/wp-content\/uploads\/2019\/11\/inma-benicio-oleola-4.jpg 640w, https:\/\/inmabenicio.es\/wp-content\/uploads\/2019\/11\/inma-benicio-oleola-4-600x788.jpg 600w, https:\/\/inmabenicio.es\/wp-content\/uploads\/2019\/11\/inma-benicio-oleola-4-229x300.jpg 229w\" sizes=\"auto, (max-width: 640px) 100vw, 640px\" \/><\/figure>\r\n<\/div>\r\n\r\n\r\n\r\n<div class=\"wp-block-image\">\r\n<figure class=\"aligncenter\"><img loading=\"lazy\" decoding=\"async\" width=\"627\" height=\"627\" class=\"wp-image-327 aligncenter\" src=\"http:\/\/inmabenicio.es\/wp-content\/uploads\/2019\/11\/facebook_1573401386829.jpg\" alt=\"\" srcset=\"https:\/\/inmabenicio.es\/wp-content\/uploads\/2019\/11\/facebook_1573401386829.jpg 627w, https:\/\/inmabenicio.es\/wp-content\/uploads\/2019\/11\/facebook_1573401386829-300x300.jpg 300w, https:\/\/inmabenicio.es\/wp-content\/uploads\/2019\/11\/facebook_1573401386829-100x100.jpg 100w, https:\/\/inmabenicio.es\/wp-content\/uploads\/2019\/11\/facebook_1573401386829-600x600.jpg 600w, https:\/\/inmabenicio.es\/wp-content\/uploads\/2019\/11\/facebook_1573401386829-150x150.jpg 150w, https:\/\/inmabenicio.es\/wp-content\/uploads\/2019\/11\/facebook_1573401386829-480x480.jpg 480w, https:\/\/inmabenicio.es\/wp-content\/uploads\/2019\/11\/facebook_1573401386829-50x50.jpg 50w\" sizes=\"auto, (max-width: 627px) 100vw, 627px\" \/><\/figure>\r\n<\/div>\r\n","protected":false},"excerpt":{"rendered":"<p>Si hablamos de Moda Flamenca, aqu\u00ed me pierdo. Es por lo que empec\u00e9 en el camino de mis sue\u00f1os. Aunque &hellip; <a href=\"https:\/\/inmabenicio.es\/?page_id=50\" class=\"more-link\"><span class=\"more-button\">Sigue leyendo<span class=\"screen-reader-text\">Moda Flamenca<\/span><\/span><\/a><\/p>\n","protected":false},"author":1,"featured_media":0,"parent":0,"menu_order":2,"comment_status":"closed","ping_status":"closed","template":"","meta":{"_bbp_topic_count":0,"_bbp_reply_count":0,"_bbp_total_topic_count":0,"_bbp_total_reply_count":0,"_bbp_voice_count":0,"_bbp_anonymous_reply_count":0,"_bbp_topic_count_hidden":0,"_bbp_reply_count_hidden":0,"_bbp_forum_subforum_count":0,"sfsi_plus_gutenberg_text_before_share":"","sfsi_plus_gutenberg_show_text_before_share":"","sfsi_plus_gutenberg_icon_type":"","sfsi_plus_gutenberg_icon_alignemt":"","sfsi_plus_gutenburg_max_per_row":"","footnotes":""},"class_list":["post-50","page","type-page","status-publish","hentry"],"jetpack_sharing_enabled":true,"_links":{"self":[{"href":"https:\/\/inmabenicio.es\/index.php?rest_route=\/wp\/v2\/pages\/50","targetHints":{"allow":["GET"]}}],"collection":[{"href":"https:\/\/inmabenicio.es\/index.php?rest_route=\/wp\/v2\/pages"}],"about":[{"href":"https:\/\/inmabenicio.es\/index.php?rest_route=\/wp\/v2\/types\/page"}],"author":[{"embeddable":true,"href":"https:\/\/inmabenicio.es\/index.php?rest_route=\/wp\/v2\/users\/1"}],"replies":[{"embeddable":true,"href":"https:\/\/inmabenicio.es\/index.php?rest_route=%2Fwp%2Fv2%2Fcomments&post=50"}],"version-history":[{"count":13,"href":"https:\/\/inmabenicio.es\/index.php?rest_route=\/wp\/v2\/pages\/50\/revisions"}],"predecessor-version":[{"id":378,"href":"https:\/\/inmabenicio.es\/index.php?rest_route=\/wp\/v2\/pages\/50\/revisions\/378"}],"wp:attachment":[{"href":"https:\/\/inmabenicio.es\/index.php?rest_route=%2Fwp%2Fv2%2Fmedia&parent=50"}],"curies":[{"name":"wp","href":"https:\/\/api.w.org\/{rel}","templated":true}]}}