{"id":1622,"date":"2021-01-30T17:33:16","date_gmt":"2021-01-30T16:33:16","guid":{"rendered":"https:\/\/inmabenicio.es\/?page_id=1622"},"modified":"2021-03-30T14:48:26","modified_gmt":"2021-03-30T12:48:26","slug":"aviso-legal-y-politica-de-privacidad","status":"publish","type":"page","link":"https:\/\/inmabenicio.es\/?page_id=1622","title":{"rendered":"AVISO LEGAL &#8211; POLITICA DE PRIVACIDAD &#8211; POLITICA DE COOKIES"},"content":{"rendered":"<h1 class=\"western\" lang=\"es-ES\"><span style=\"font-family: Calibri, sans-serif;\">Aviso Legal<\/span><\/h1>\n<p class=\"western\" lang=\"es-ES\" align=\"JUSTIFY\"><span style=\"font-family: Calibri, sans-serif;\"><span style=\"font-size: medium;\">Este sitio web es propiedad, y est\u00e1 bajo responsabilidad de, INMACULADA MORENO BENICIO, con NIF<\/span><\/span> <span style=\"font-family: Calibri, sans-serif;\"><span style=\"font-size: medium;\">30950479T,<\/span><\/span> <span style=\"font-family: Calibri, sans-serif;\"><span style=\"font-size: medium;\">correo<\/span><\/span> <span style=\"font-family: Calibri, sans-serif;\"><span style=\"font-size: medium;\">electr\u00f3nico<\/span><\/span> <a href=\"mailto:info@inmabenicio.es\"><span style=\"font-family: Calibri, sans-serif;\"><span style=\"font-size: medium;\">info@inmabenicio.es.<\/span><\/span><\/a> <span style=\"font-family: Calibri, sans-serif;\"><span style=\"font-size: medium;\">Aunque<\/span><\/span> <span style=\"font-family: Calibri, sans-serif;\"><span style=\"font-size: medium;\">en<\/span><\/span> <span style=\"font-family: Calibri, sans-serif;\"><span style=\"font-size: medium;\">adelante<\/span><\/span> <span style=\"font-family: Calibri, sans-serif;\"><span style=\"font-size: medium;\">nos<\/span><\/span> <span style=\"font-family: Calibri, sans-serif;\"><span style=\"font-size: medium;\">llamaremos<\/span><\/span> <span style=\"font-family: Calibri, sans-serif;\"><span style=\"font-size: medium;\">INMA<\/span><\/span> <span style=\"font-family: Calibri, sans-serif;\"><span style=\"font-size: medium;\">BENICIO o simplemente<\/span><\/span> <span style=\"font-family: Calibri, sans-serif;\"><span style=\"font-size: medium;\">\u201cnosotros\u201d, y a usted, que es el usuario de esta web le llamaremos \u201cusuario\u201d,<\/span><\/span> <span style=\"font-family: Calibri, sans-serif;\"><span style=\"font-size: medium;\">usted<\/span><\/span> <span style=\"font-family: Calibri, sans-serif;\"><span style=\"font-size: medium;\">o<\/span><\/span> <span style=\"font-family: Calibri, sans-serif;\"><span style=\"font-size: medium;\">simplemente \u201ct\u00fa\u201d.<\/span><\/span><\/p>\n<p class=\"western\" lang=\"es-ES\" align=\"JUSTIFY\"><span style=\"font-family: Calibri, sans-serif;\"><span style=\"font-size: medium;\">El hecho de acceder a esta web implica el conocimiento y la aceptaci\u00f3n sin reservas de los siguientes t\u00e9rminos y condiciones.<\/span><\/span><\/p>\n<p class=\"western\" lang=\"es-ES\" align=\"JUSTIFY\"><span style=\"font-family: Calibri, sans-serif;\"><span style=\"font-size: medium;\">A continuaci\u00f3n, le exponemos:<\/span><\/span><\/p>\n<ul>\n<li>\n<p lang=\"es-ES\" align=\"LEFT\"><span style=\"font-family: Calibri, sans-serif;\"><span style=\"font-size: medium;\">T\u00e9rminos y condiciones de uso de la web.<\/span><\/span><\/p>\n<\/li>\n<li>\n<p lang=\"es-ES\" align=\"LEFT\"><span style=\"font-family: Calibri, sans-serif;\"><span style=\"font-size: medium;\">Pol\u00edtica de privacidad.<\/span><\/span><\/p>\n<\/li>\n<li>\n<p lang=\"es-ES\" align=\"LEFT\"><span style=\"font-family: Calibri, sans-serif;\"><span style=\"font-size: medium;\">Pol\u00edtica de cookies.<\/span><\/span><\/p>\n<\/li>\n<\/ul>\n<h1 class=\"western\" lang=\"es-ES\">T\u00e9rminos y Condiciones de Uso<\/h1>\n<p class=\"western\" lang=\"es-ES\" align=\"JUSTIFY\"><span style=\"font-family: Calibri, sans-serif;\"><span style=\"font-size: medium;\">Con car\u00e1cter general, con independencia del pa\u00eds desde el que se conecta el usuario, las relaciones entre INMA BENICIO y nuestros usuarios se encuentran sometidas a la legislaci\u00f3n y jurisdicci\u00f3n espa\u00f1olas.<\/span><\/span><\/p>\n<p class=\"western\" lang=\"es-ES\" align=\"JUSTIFY\"><span style=\"font-family: Calibri, sans-serif;\"><span style=\"font-size: medium;\">Los contenidos, actividades comerciales, productos y servicios incluidos en nuestra web no est\u00e1n concebidos, ni dirigidos a aquellas personas que residan en jurisdicciones donde sus contenidos no se encuentren autorizados.<\/span><\/span><\/p>\n<p class=\"western\" lang=\"es-ES\" align=\"JUSTIFY\"><span style=\"font-family: Calibri, sans-serif;\"><span style=\"font-size: medium;\">El acceso a nuestra web es responsabilidad exclusiva de los usuarios y no supone entablar ning\u00fan tipo de relaci\u00f3n de car\u00e1cter comercial entre INMA BENICIO y el usuario.<\/span><\/span><\/p>\n<p class=\"western\" lang=\"es-ES\" align=\"JUSTIFY\"><span style=\"font-family: Calibri, sans-serif;\"><span style=\"font-size: medium;\">El acceso y navegaci\u00f3n en esta web supone aceptar y conocer las advertencias legales, t\u00e9rminos de uso y pol\u00edtica de privacidad contenidas en \u00e9l.<\/span><\/span><\/p>\n<p class=\"western\" lang=\"es-ES\" align=\"JUSTIFY\"><span style=\"font-family: Calibri, sans-serif;\"><span style=\"font-size: medium;\">INMA BENICIO hace saber a sus usuarios que los contenidos de este sitio web se dirigen principalmente a un p\u00fablico mayor de 14 a\u00f1os. Si a\u00fan no tienes esta edad, debes contar con la autorizaci\u00f3n de tus padres o tutores para seguir navegando por nuestra web.<\/span><\/span><\/p>\n<h3 class=\"western\" lang=\"es-ES\" align=\"JUSTIFY\"><span style=\"font-family: Calibri, sans-serif;\"><span style=\"font-size: medium;\">Actualidad y Modificaci\u00f3n de la informaci\u00f3n<\/span><\/span><\/h3>\n<p class=\"western\" lang=\"es-ES\" align=\"JUSTIFY\"><span style=\"font-family: Calibri, sans-serif;\"><span style=\"font-size: medium;\">Esta informaci\u00f3n legal respecto al uso de nuestra web es la vigente en la fecha de su \u00faltima actualizaci\u00f3n (15 DE MARZO DE 2021). Nos reservamos el derecho a actualizar, modificar o eliminar la informaci\u00f3n de este web, pudiendo limitar o no permitir el acceso a cualquier usuario.<\/span><\/span><\/p>\n<p class=\"western\" lang=\"es-ES\" align=\"JUSTIFY\"><span style=\"font-family: Calibri, sans-serif;\"><span style=\"font-size: medium;\">El usuario no podr\u00e1 alterar, cambiar, modificar, o adaptar cualquier extremo de esta web. Sin embargo, nos reservamos la facultad de efectuar, en cualquier momento, cuantos cambios y modificaciones estimemos convenientes, pudiendo hacer uso de tal facultad en cualquier momento y sin previo aviso.<\/span><\/span><\/p>\n<p class=\"western\" lang=\"es-ES\" align=\"JUSTIFY\"><span style=\"font-family: Calibri, sans-serif;\"><span style=\"font-size: medium;\">Asimismo, nos reservamos el derecho de actualizar las condiciones generales en cualquier momento. Tales cambios y modificaciones no afectar\u00e1n a los contratos ya perfeccionados entre INMA BENICIO y sus usuarios o clientes, sin perjuicio de las modificaciones que puedan ser pactadas de mutuo acuerdo y de los supuestos de caso fortuito o fuerza mayor.<\/span><\/span><\/p>\n<h3 class=\"western\" lang=\"es-ES\"><span style=\"font-family: Calibri, sans-serif;\"><span style=\"font-size: medium;\">Contenidos<\/span><\/span><\/h3>\n<p class=\"western\" lang=\"es-ES\" align=\"JUSTIFY\"><span style=\"font-family: Calibri, sans-serif;\"><span style=\"font-size: medium;\">En INMA BENICIO realizamos los m\u00e1ximos esfuerzos para evitar cualquier error en los contenidos que pudieran aparecer en nuestra web. No obstante, no garantizamos ni nos responsabilizamos de las consecuencias que pudieran derivarse de los errores en los contenidos que pudieran aparecer en esta web, proporcionados por terceros.<\/span><\/span><\/p>\n<p class=\"western\" lang=\"es-ES\" align=\"JUSTIFY\"><span style=\"font-family: Calibri, sans-serif;\"><span style=\"font-size: medium;\">INMA BENICIO no se responsabiliza en modo alguno de aquellos contenidos, actividades comerciales, productos y servicios incluidos que pudiesen visualizarse mediante enlaces electr\u00f3nicos (links), directa o indirectamente, a trav\u00e9s de esta web. La presencia de links en nuestra web, salvo manifestaci\u00f3n expresa en contrario, tiene una finalidad meramente informativa y en ning\u00fan caso supone sugerencia, invitaci\u00f3n o recomendaci\u00f3n sobre los mismos. Estos enlaces no representan, necesariamente, la existencia de alg\u00fan tipo de relaci\u00f3n entre INMA BENICIO y los particulares o empresas titulares de las webs a las que puede accederse mediante estos enlaces. INMA BENICIO se reserva el derecho de retirar de modo unilateral y en cualquier momento los links que aparecen en nuestra web.<\/span><\/span><\/p>\n<p class=\"western\" lang=\"es-ES\" align=\"JUSTIFY\"><span style=\"font-family: Calibri, sans-serif;\"><span style=\"font-size: medium;\">INMA BENICIO no asume responsabilidad por el contenido de cualquier foro o debate en el ciberespacio (chat), boletines o cualquier tipo de transmisiones, que est\u00e9n vinculados a este website y cooperar\u00e1, si es requerida por orden judicial o por las autoridades pertinentes, en la identificaci\u00f3n de las personas responsables de aquellos contenidos que violen la ley.<\/span><\/span><\/p>\n<p class=\"western\" lang=\"es-ES\" align=\"JUSTIFY\"><span style=\"font-family: Calibri, sans-serif;\"><span style=\"font-size: medium;\">Excluimos toda responsabilidad que pudiera derivarse de la transmisi\u00f3n de informaci\u00f3n entre usuarios. La responsabilidad de las manifestaciones difundidas en este website es exclusiva de quienes las realizan. Queda prohibida cualquier tipo de transmisi\u00f3n de datos que los usuarios puedan realizar a \u00e9ste o mediante esta web u otros accesos controlados por INMA BENICIO, que infrinjan los derechos de propiedad de terceros, y cuyo contenido sea amenazante, difamatorio, obsceno, pornogr\u00e1fico, o la transmisi\u00f3n de cualquier otro material que constituya o incite una conducta que pueda ser considerada una ofensa penal.<\/span><\/span><\/p>\n<p class=\"western\" lang=\"es-ES\" align=\"JUSTIFY\"><span style=\"font-family: Calibri, sans-serif;\"><span style=\"font-size: medium;\">INMA BENICIO se reserva el derecho a impedir o prohibir el acceso a cualquier usuario de Internet que introduzca en nuestra web cualquier contenido contrario a las normas legales o inmoral, reserv\u00e1ndose el derecho de ejercer las medidas legales que estime oportunas para evitar este tipo de conductas.<\/span><\/span><\/p>\n<p class=\"western\" lang=\"es-ES\" align=\"JUSTIFY\"><span style=\"font-family: Calibri, sans-serif;\"><span style=\"font-size: medium;\">INMA BENICIO excluye la responsabilidad por el acceso de menores de edad a los contenidos incluidos en la Web, siendo responsabilidad de sus progenitores o tutores ejercer un control adecuado sobre la actividad de los hijos o menores a su cargo o bien instalar alguna de las herramientas de control del uso de Internet con el objeto de evitar el acceso a materiales o contenidos no aptos para menores, as\u00ed como el env\u00edo de datos personales sin la previa autorizaci\u00f3n de sus progenitores o tutores.<\/span><\/span><\/p>\n<h3 class=\"western\" lang=\"es-ES\"><span style=\"font-family: Calibri, sans-serif;\"><span style=\"font-size: medium;\">Navegaci\u00f3n, acceso y seguridad<\/span><\/span><\/h3>\n<p class=\"western\" lang=\"es-ES\" align=\"JUSTIFY\"><span style=\"font-family: Calibri, sans-serif;\"><span style=\"font-size: medium;\">El acceso y navegaci\u00f3n en esta web supone aceptar y conocer las advertencias legales, condiciones y t\u00e9rminos de uso contenidas en \u00e9l. En INMA BENICIO realizamos los m\u00e1ximos esfuerzos para que la navegaci\u00f3n se realice en las mejores condiciones y evitar los perjuicios de cualquier tipo que pudiesen ocasionarse durante la misma.<\/span><\/span><\/p>\n<p class=\"western\" lang=\"es-ES\" align=\"JUSTIFY\"><span style=\"font-family: Calibri, sans-serif;\"><span style=\"font-size: medium;\">Esta web ha sido dise\u00f1ada para soportar los navegadores m\u00e1s utilizados entre los usuarios de Internet (Mozilla Firefox, Internet Explorer, Microsoft Edge, Google Chrome, Safari, Opera). Aun as\u00ed, no nos hacemos responsables de los perjuicios, de cualquier \u00edndole, que pudieran ocasionarse a los usuarios por la utilizaci\u00f3n de otros navegadores o versiones distintas de los navegadores para los que ha sido dise\u00f1ada la web.<\/span><\/span><\/p>\n<p class=\"western\" lang=\"es-ES\" align=\"JUSTIFY\"><span style=\"font-family: Calibri, sans-serif;\"><span style=\"font-size: medium;\">INMA BENICIO no se responsabiliza ni garantiza que el acceso a esta web sea ininterrumpido o que est\u00e9 libre de error, siempre que tales incidencias o errores procedan de fuentes ajenas a nosotros. Tampoco se responsabiliza o garantiza que el software al que pueda accederse a trav\u00e9s de este website est\u00e9 libre de errores procedentes de terceros. Del mismo modo, en ning\u00fan caso INMA BENICIO se responsabiliza por las p\u00e9rdidas, da\u00f1os o perjuicios de cualquier tipo que surjan por el acceso y el uso de la p\u00e1gina web, siempre que procedan de fuentes ajenas a nosotros. Tampoco nos hacemos responsables de los da\u00f1os que pudieran originarse por el uso inadecuado de esta web.<\/span><\/span><\/p>\n<p class=\"western\" lang=\"es-ES\" align=\"JUSTIFY\"><span style=\"font-family: Calibri, sans-serif;\"><span style=\"font-size: medium;\">Los servicios ofertados en esta web s\u00f3lo pueden ser utilizados correctamente si se cumplen las especificaciones t\u00e9cnicas para las que ha sido dise\u00f1ada.<\/span><\/span><\/p>\n<h3 class=\"western\" lang=\"es-ES\" align=\"JUSTIFY\"><span style=\"font-family: Calibri, sans-serif;\"><span style=\"font-size: medium;\">Propiedad Intelectual e Industrial<\/span><\/span><\/h3>\n<p class=\"western\" lang=\"es-ES\" align=\"JUSTIFY\"><span style=\"font-family: Calibri, sans-serif;\"><span style=\"font-size: medium;\">Esta web, los contenidos y servicios que alberga y, en especial, con car\u00e1cter enunciativo, pero no limitativo, las fotograf\u00edas, im\u00e1genes, textos, logos, dise\u00f1os, marcas, nombres comerciales y datos que se incluyen en la web, se encuentran protegidos por las leyes de Propiedad Intelectual. No podr\u00e1n ser objeto de explotaci\u00f3n, reproducci\u00f3n, distribuci\u00f3n, modificaci\u00f3n, comunicaci\u00f3n p\u00fablica, cesi\u00f3n o transformaci\u00f3n. El acceso a esta web no otorga a los usuarios derecho, ni titularidad alguna sobre los derechos de propiedad intelectual de los contenidos que alberga.<\/span><\/span><\/p>\n<p class=\"western\" lang=\"es-ES\" align=\"JUSTIFY\"><span style=\"font-family: Calibri, sans-serif;\"><span style=\"font-size: medium;\">El contenido de esta web puede ser descargado al terminal del usuario (download), siempre que sea para su uso privado y sin ning\u00fan fin comercial; por lo tanto, no podr\u00e1 explotar, reproducir, distribuir, modificar, comunicar p\u00fablicamente, ceder, transformar o usar el contenido de esta web con fines p\u00fablicos o comerciales.<\/span><\/span><\/p>\n<p class=\"western\" lang=\"es-ES\" align=\"JUSTIFY\"><span style=\"font-family: Calibri, sans-serif;\"><span style=\"font-size: medium;\">INMA BENICIO no transfiere a los usuarios la propiedad de su software. Retenemos todos los derechos de propiedad industrial e intelectual incluyendo el software. Si el usuario transfiere software de esta web a su terminal, no podr\u00e1 diseccionarlo para su estudio, o descompilarlo, traducir la versi\u00f3n del c\u00f3digo objeto original o su lenguaje a otro c\u00f3digo o lenguaje.<\/span><\/span><\/p>\n<p class=\"western\" lang=\"es-ES\" align=\"JUSTIFY\"><span style=\"font-family: Calibri, sans-serif;\"><span style=\"font-size: medium;\">Tan s\u00f3lo se autoriza la utilizaci\u00f3n de los contenidos de esta web con fines informativos y de servicio, siempre que se cite o se haga referencia a la fuente, siendo el usuario el \u00fanico responsable del mal uso de los mismos.<\/span><\/span><\/p>\n<p class=\"western\" lang=\"es-ES\" align=\"JUSTIFY\"><span style=\"font-family: Calibri, sans-serif;\"><span style=\"font-size: medium;\">INMA BENICIO se reserva la posibilidad de ejercer las acciones judiciales que correspondan contra los usuarios que violen o infrinjan los derechos de propiedad intelectual e industrial.<\/span><\/span><\/p>\n<h3 class=\"western\" lang=\"es-ES\" align=\"JUSTIFY\"><span style=\"font-family: Calibri, sans-serif;\"><span style=\"font-size: medium;\">Informaci\u00f3n sobre aspectos t\u00e9cnicos<\/span><\/span><\/h3>\n<p class=\"western\" lang=\"es-ES\" align=\"JUSTIFY\"><span style=\"font-family: Calibri, sans-serif;\"><span style=\"font-size: medium;\">INMA BENICIO no ser\u00e1 responsable de posibles da\u00f1os o perjuicios que se pudieran derivar de interferencias, omisiones, interrupciones, virus inform\u00e1ticos, aver\u00edas telef\u00f3nicas o desconexiones en el funcionamiento operativo de este sistema electr\u00f3nico, motivadas por causas ajenas a nosotros; de retrasos o bloqueos en el uso del presente sistema electr\u00f3nico causados por deficiencias o sobrecargas en nuestro Centro de Proceso de Datos, de l\u00edneas telef\u00f3nicas, en el sistema de Internet o en otros sistemas electr\u00f3nicos; tampoco de da\u00f1os que puedan ser causados por terceras personas mediante intromisiones ileg\u00edtimas fuera del nuestro control. Asimismo, se exonera a INMA BENICIO de toda responsabilidad ante cualquier da\u00f1o o perjuicio que pudiera sufrir el usuario como consecuencia de errores, defectos y omisiones, en la informaci\u00f3n facilitada siempre que proceda de fuentes ajenas.<\/span><\/span><\/p>\n<h1 class=\"western\" lang=\"es-ES\"><span style=\"font-family: Calibri, sans-serif;\">Pol\u00edtica de Privacidad<\/span><\/h1>\n<p class=\"western\" lang=\"es-ES\" align=\"JUSTIFY\"><span style=\"font-family: Calibri, sans-serif;\"><span style=\"font-size: medium;\">Para poder desarrollar nuestra actividad, realizamos tratamiento de los datos personales que nuestros clientes y usuarios nos proporcionan, a trav\u00e9s de los formularios habilitados tanto en nuestra p\u00e1gina web como en soporte f\u00edsico en nuestros puntos de atenci\u00f3n, con la finalidad de resolver sus consultas, gestionar las ventas y mantener informados a nuestros suscriptores acerca de las novedades disponibles en nuestro establecimiento que pudieran ser de su inter\u00e9s.<\/span><\/span><\/p>\n<p class=\"western\" lang=\"es-ES\" align=\"JUSTIFY\"><span style=\"font-family: Calibri, sans-serif;\"><span style=\"font-size: medium;\">Por otro lado, si a\u00fan no es nuestro cliente y solamente es un usuario de esta web, los \u00fanicos datos personales que tratamos acerca de usted son los gestionados a trav\u00e9s de las cookies que empleamos en esta web (lea nuestra pol\u00edtica de cookies para m\u00e1s informaci\u00f3n) y los que voluntariamente nos haya hecho llegar a trav\u00e9s de los medios de contacto que ponemos a su disposici\u00f3n en esta web para atenci\u00f3n a sus consultas.<\/span><\/span><\/p>\n<p class=\"western\" lang=\"es-ES\" align=\"JUSTIFY\"><span style=\"font-family: Calibri, sans-serif;\"><span style=\"font-size: medium;\">Adem\u00e1s, existe la posibilidad de que nuestros usuarios y clientes reciban peri\u00f3dicamente informaci\u00f3n acerca de novedades relacionadas con nuestra actividad, incluyendo informaci\u00f3n acerca de promociones comerciales, nuevos productos, noticias importantes del sector o que puedan ser de inter\u00e9s para ellos. Solo les remitiremos esta informaci\u00f3n si nos han prestado su consentimiento y, por supuesto, si deciden dejar de recibir este tipo de comunicaciones por nuestra parte solo tienen que indicarlo a trav\u00e9s de las formas de contacto que ponemos a su disposici\u00f3n en la web y en cada una de las comunicaciones que les enviamos.<\/span><\/span><\/p>\n<p class=\"western\" lang=\"es-ES\" align=\"JUSTIFY\"><span style=\"font-family: Calibri, sans-serif;\"><span style=\"font-size: medium;\">Por otra parte, debe saber que no realizamos selecci\u00f3n de personal a trav\u00e9s de esta web, por lo que si usted nos facilita datos personales porque est\u00e1 interesado en trabajar con nosotros, sus datos personales, incluidos los datos curriculares que pudiera proporcionarnos, ser\u00e1n tratados unicamente para su inmediata supresi\u00f3n.<\/span><\/span><\/p>\n<p class=\"western\" lang=\"es-ES\" align=\"JUSTIFY\"><span style=\"font-family: Calibri, sans-serif;\"><span style=\"font-size: medium;\">A continuaci\u00f3n, le informamos acerca de los diferentes aspectos a tener en cuenta en el tratamiento de datos que realizamos de sus datos personales:<\/span><\/span><\/p>\n<h3 class=\"western\" lang=\"es-ES\" align=\"JUSTIFY\"><span style=\"font-family: Calibri, sans-serif;\"><span style=\"font-size: medium;\">Finalidades del tratamiento<\/span><\/span><\/h3>\n<p class=\"western\" lang=\"es-ES\" align=\"JUSTIFY\"><span style=\"font-family: Calibri, sans-serif;\"><span style=\"font-size: medium;\">Realizar la gesti\u00f3n de las dudas y consultas que el usuario nos presenta, respecto a nuestros servicios, productos, precios, promociones o cualquier otra caracter\u00edstica mostrada o inducida a trav\u00e9s de la informaci\u00f3n que publicamos en la web, ya sea mediante el formulario habilitado para ello, por tel\u00e9fono o mediante el correo electr\u00f3nico que aparece en la web.<\/span><\/span><\/p>\n<p class=\"western\" lang=\"es-ES\" align=\"JUSTIFY\"><span style=\"font-family: Calibri, sans-serif;\"><span style=\"font-size: medium;\">Tratamiento de sus datos curriculares en la gesti\u00f3n de nuestra bolsa de empleo.<\/span><\/span><\/p>\n<p class=\"western\" lang=\"es-ES\" align=\"JUSTIFY\"><span style=\"font-family: Calibri, sans-serif;\"><span style=\"font-size: medium;\">Env\u00edo de informaci\u00f3n comercial, acerca de productos, cat\u00e1logos y novedades en nuestro sector, a los suscriptores de la misma.<\/span><\/span><\/p>\n<p class=\"western\" lang=\"es-ES\" align=\"JUSTIFY\"><span style=\"font-family: Calibri, sans-serif;\"><span style=\"font-size: medium;\">Realizar la compra online de los productos o servicios que ofertamos a trav\u00e9s de la web mediante las diferentes formas de compra.<\/span><\/span><\/p>\n<h3 class=\"western\" lang=\"es-ES\" align=\"JUSTIFY\"><span style=\"font-family: Calibri, sans-serif;\"><span style=\"font-size: medium;\">Legitimaci\u00f3n del tratamiento<\/span><\/span><\/h3>\n<p class=\"western\" lang=\"es-ES\" align=\"JUSTIFY\"><span style=\"font-family: Calibri, sans-serif;\"><span style=\"font-size: medium;\">Para el desarrollo de la atenci\u00f3n a sus consultas y para la gesti\u00f3n de nuestra tienda online, nos amparamos en la ejecuci\u00f3n del contrato y en aplicaci\u00f3n de medidas precontractuales (Art. 6.1b RGPD). Para el env\u00edo de informaci\u00f3n comercial, nos amparamos en su consentimiento expreso (Art. 6.1a RGPD)<\/span><\/span><\/p>\n<p class=\"western\" lang=\"es-ES\" align=\"JUSTIFY\"><span style=\"font-family: Calibri, sans-serif;\"><span style=\"font-size: medium;\">Estas legitimaciones son complementadas con el cumplimiento de obligaciones legales por parte de este responsable en los casos que corresponda.<\/span><\/span><\/p>\n<h3 class=\"western\" lang=\"es-ES\"><span style=\"font-family: Calibri, sans-serif;\"><span style=\"font-size: medium;\">Destinatarios de la informaci\u00f3n<\/span><\/span><\/h3>\n<p class=\"western\" lang=\"es-ES\" align=\"JUSTIFY\"><span style=\"font-family: Calibri, sans-serif;\"><span style=\"font-size: medium;\">Sus datos tienen como destinatarios nuestros encargados de tratamiento, las cuales se comprometen a cumplir con lo dispuesto en la legislaci\u00f3n vigente en materia de protecci\u00f3n de datos y con las instrucciones indicadas por nosotros respecto al tratamiento de datos, y no podr\u00e1n utilizarlos para una finalidad diferente de la aqu\u00ed expresada.<\/span><\/span><\/p>\n<p class=\"western\" lang=\"es-ES\" align=\"JUSTIFY\"><span style=\"font-family: Calibri, sans-serif;\"><span style=\"font-size: medium;\">Asimismo, le informamos que no realizamos tratamiento internacional de datos.<\/span><\/span><\/p>\n<h3 class=\"western\" lang=\"es-ES\"><span style=\"font-family: Calibri, sans-serif;\"><span style=\"font-size: medium;\">Plazos de conservaci\u00f3n<\/span><\/span><\/h3>\n<p class=\"western\" lang=\"es-ES\" align=\"JUSTIFY\"><span style=\"font-family: Calibri, sans-serif;\"><span style=\"font-size: medium;\">Ejecuci\u00f3n de nuestros servicios: Conservaremos sus datos durante cuatro a\u00f1os desde la extinci\u00f3n de la relaci\u00f3n comercial.<\/span><\/span><\/p>\n<p class=\"western\" lang=\"es-ES\" align=\"JUSTIFY\"><span style=\"font-family: Calibri, sans-serif;\"><span style=\"font-size: medium;\">Finalidad comercial: Conservaremos sus datos mientras mantenga activa su suscripci\u00f3n para recibir nuestras comunicaciones y no haya indicado su negativa a recibirlas. Una vez mostrada su negativa a la recepci\u00f3n de informaci\u00f3n, procederemos a suprimir sus datos, al margen de posibles obligaciones legales, las cuales pueden dar lugar a un plazo mayor de conservaci\u00f3n de los datos (aunque en este caso ser\u00e1n debidamente bloqueados).<\/span><\/span><\/p>\n<p class=\"western\" lang=\"es-ES\" align=\"JUSTIFY\"><span style=\"font-family: Calibri, sans-serif;\"><span style=\"font-size: medium;\">Debe tener en cuenta que el cumplimiento de una obligaci\u00f3n legal puede conllevar la conservaci\u00f3n de sus datos, o parte de ellos, por un periodo superior de tiempo.<\/span><\/span><\/p>\n<h3 class=\"western\" lang=\"es-ES\"><span style=\"font-family: Calibri, sans-serif;\"><span style=\"font-size: medium;\">Derechos<\/span><\/span><\/h3>\n<p class=\"western\" lang=\"es-ES\" align=\"JUSTIFY\"><span style=\"font-family: Calibri, sans-serif;\"><span style=\"font-size: medium;\">Todos aquellos usuarios cuyos datos personales sean objeto de tratamiento, podr\u00e1n ejercitar gratuitamente los derechos de acceso, rectificaci\u00f3n, supresi\u00f3n de sus datos, oposici\u00f3n al tratamiento, y limitaci\u00f3n al tratamiento, as\u00ed como portabilidad (en los casos que sea posible atendiendo a la legislaci\u00f3n vigente) y de informaci\u00f3n en las decisiones individuales automatizadas (caso de que se realicen).<\/span><\/span><\/p>\n<p class=\"western\" lang=\"es-ES\" align=\"JUSTIFY\"><span style=\"font-family: Calibri, sans-serif;\"><span style=\"font-size: medium;\">Estos derechos podr\u00e1n ser ejercitados a trav\u00e9s de una de las siguientes v\u00edas:<\/span><\/span><\/p>\n<ul>\n<li>\n<p lang=\"es-ES\" align=\"JUSTIFY\"><span style=\"font-family: Calibri, sans-serif;\"><span style=\"font-size: medium;\">Por escrito, enviando su solicitud, junto con copia de la documentaci\u00f3n acreditativa de su identidad, a la siguiente direcci\u00f3n:<\/span><\/span><\/p>\n<\/li>\n<\/ul>\n<h3 class=\"western\" lang=\"es-ES\"><span style=\"font-family: Calibri, sans-serif;\"><span style=\"font-size: medium;\">INMA BENICIO &#8211; Atenci\u00f3n de Datos Personales<\/span><\/span><\/h3>\n<p class=\"western\" align=\"LEFT\"><span style=\"font-family: Calibri, sans-serif;\"><span style=\"font-size: medium;\"><b>Ctra.<\/b><b> <\/b><b>de Montiz\u00f3n, s\/n 23265 Venta de<\/b><b> <\/b><b>los santos.<\/b><b> <\/b><b>Ja\u00e9n &#8211; Espa\u00f1a<\/b><\/span><\/span><\/p>\n<ul>\n<li>\n<p lang=\"es-ES\" align=\"JUSTIFY\"><span style=\"font-size: medium;\"><span style=\"font-family: Calibri, sans-serif;\">A trav\u00e9s de correo electr\u00f3nico a la direcci\u00f3n <a href=\"mailto:info@inmabenicio.es\">info@inmabenicio.es <\/a>firmando digitalmente su solicitud<\/span> <span style=\"font-family: Calibri, sans-serif;\">mediante el Documento Nacional de Identidad (DNI) electr\u00f3nico espa\u00f1ol, o adjuntando copia de su<\/span> <span style=\"font-family: Calibri, sans-serif;\">DNI,<\/span> <span style=\"font-family: Calibri, sans-serif;\">no<\/span> <span style=\"font-family: Calibri, sans-serif;\">siendo necesaria en este caso<\/span> <span style=\"font-family: Calibri, sans-serif;\">m\u00e1s acreditaci\u00f3n<\/span> <span style=\"font-family: Calibri, sans-serif;\">por parte<\/span> <span style=\"font-family: Calibri, sans-serif;\">de<\/span> <span style=\"font-family: Calibri, sans-serif;\">la persona solicitante.<\/span><\/span><\/p>\n<\/li>\n<\/ul>\n<h3 class=\"western\" lang=\"es-ES\"><span style=\"font-family: Calibri, sans-serif;\"><span style=\"font-size: medium;\">Autoridad de control<\/span><\/span><\/h3>\n<p class=\"western\" lang=\"es-ES\" align=\"JUSTIFY\"><span style=\"font-family: Calibri, sans-serif;\"><span style=\"font-size: medium;\">Si el usuario considera que sus derechos han sido ignorados o vulnerados, ha de saber que puede presentar su reclamaci\u00f3n ante la autoridad de control competente, que en este caso es la Agencia Espa\u00f1ola de Protecci\u00f3n de Datos. Si el interesado as\u00ed lo considera oportuno, tambi\u00e9n puede acudir a cualquier autoridad de control competente dentro de la Uni\u00f3n Europea.<\/span><\/span><\/p>\n<h1 class=\"western\" lang=\"es-ES\"><span style=\"font-family: Calibri, sans-serif;\">Pol\u00edtica de cookies<\/span><\/h1>\n<p class=\"western\" lang=\"es-ES\" align=\"JUSTIFY\"><span style=\"font-family: Calibri, sans-serif;\"><span style=\"font-size: medium;\">Le informamos que en este sitio web utilizamos cookies con objeto de facilitar el uso y navegaci\u00f3n a trav\u00e9s de la web, gestionar nuestra tienda online, as\u00ed como elaborar nuestras estad\u00edsticas de uso de la web.<\/span><\/span><\/p>\n<p class=\"western\" align=\"LEFT\"><span style=\"font-family: Calibri, sans-serif;\"><span style=\"font-size: medium;\"><b>CONSENTIMIENTO<\/b><\/span><\/span><\/p>\n<p class=\"western\" lang=\"es-ES\" align=\"JUSTIFY\"><span style=\"font-family: Calibri, sans-serif;\"><span style=\"font-size: medium;\">En este sitio web utilizamos cookies t\u00e9cnicas y anal\u00edticas propias, para poder realizar estad\u00edsticas e informes sobre el uso de la web y an\u00e1lisis de navegaci\u00f3n, mejorando su experiencia de usuario tambi\u00e9n para la gesti\u00f3n de nuestra tienda online. Al pulsar el bot\u00f3n aceptar, indica que est\u00e1 consintiendo el uso de las cookies antes enunciadas, y en las condiciones contenidas en la presente Pol\u00edtica de Cookies.<\/span><\/span><\/p>\n<p class=\"western\" lang=\"es-ES\" align=\"JUSTIFY\"><span style=\"font-family: Calibri, sans-serif;\"><span style=\"font-size: medium;\">Este consentimiento se entiende al amparo del art\u00edculo 22.2 de la Ley 34\/2002 de Servicios de la Sociedad de la Informaci\u00f3n y el Comercio Electr\u00f3nico, entendiendo que si usted no consiente el uso que hacemos de las cookies puede, empleando entre otras, la informaci\u00f3n que proporcionamos en esta pol\u00edtica de cookies, configurar su navegador para no aceptar su uso.<\/span><\/span><\/p>\n<p class=\"western\" lang=\"es-ES\" align=\"JUSTIFY\"><span style=\"font-family: Calibri, sans-serif;\"><span style=\"font-size: medium;\">INMA BENICIO puede modificar esta Pol\u00edtica de Cookies en funci\u00f3n de exigencias reglamentarias, legislativas o con la finalidad de adaptar dicha pol\u00edtica a las instrucciones dictadas por la Agencia Espa\u00f1ola de Protecci\u00f3n de Datos. En el caso que se produzcan cambios significativos en esta Pol\u00edtica de Cookies, se comunicar\u00e1 debidamente a los usuarios.<\/span><\/span><\/p>\n<h3 class=\"western\" lang=\"es-ES\"><span style=\"font-family: Calibri, sans-serif;\"><span style=\"font-size: medium;\">\u00bfQu\u00e9 son las cookies?<\/span><\/span><\/h3>\n<p class=\"western\" lang=\"es-ES\" align=\"JUSTIFY\"><span style=\"font-family: Calibri, sans-serif;\"><span style=\"font-size: medium;\">Las cookies son peque\u00f1os ficheros de datos que se generan en el ordenador, Smartphone, tablet o cualquier otro dispositivo del usuario cuando se accede a una p\u00e1gina web y que permiten al titular de dicha p\u00e1gina almacenar o recuperar determinada informaci\u00f3n sobre la navegaci\u00f3n que se efect\u00faa desde dicho equipo.<\/span><\/span><\/p>\n<h3 class=\"western\" lang=\"es-ES\"><span style=\"font-family: Calibri, sans-serif;\"><span style=\"font-size: medium;\">Tipolog\u00eda de cookies<\/span><\/span><\/h3>\n<p class=\"western\" lang=\"es-ES\" align=\"JUSTIFY\"><span style=\"font-family: Calibri, sans-serif;\"><span style=\"font-size: medium;\">A continuaci\u00f3n, ofrecemos informaci\u00f3n sobre el tipo de cookies y la finalidad de las mismas:<\/span><\/span><\/p>\n<ol>\n<li>\n<h3 class=\"western\" lang=\"es-ES\" align=\"LEFT\"><span style=\"font-family: Calibri, sans-serif;\"><span style=\"font-size: medium;\">Tipos de cookies seg\u00fan la entidad que las gestione<\/span><\/span><\/h3>\n<\/li>\n<\/ol>\n<p class=\"western\" lang=\"es-ES\" align=\"JUSTIFY\"><span style=\"font-family: Calibri, sans-serif;\"><span style=\"font-size: medium;\">Seg\u00fan quien sea la entidad que gestione el equipo o dominio desde donde se env\u00edan las cookies y trate los datos que se obtengan, podemos distinguir:<\/span><\/span><\/p>\n<p class=\"western\" lang=\"es-ES\" align=\"JUSTIFY\"><span style=\"font-family: Calibri, sans-serif;\"><span style=\"font-size: medium;\"><b>Cookies propias<\/b>: Son aqu\u00e9llas que se env\u00edan al equipo terminal del usuario desde o hacia nuestro propio servicio web.<\/span><\/span><\/p>\n<p class=\"western\" lang=\"es-ES\" align=\"JUSTIFY\"><span style=\"font-family: Calibri, sans-serif;\"><span style=\"font-size: medium;\"><b>Cookies de terceros<\/b>: Son aqu\u00e9llas que se env\u00edan al equipo terminal del usuario desde un equipo o dominio que no es gestionado por INMA BENICIO sino por otra entidad que trata los datos obtenidos a trav\u00e9s de las cookies. Dado que son estos terceros quienes proceden a su implementaci\u00f3n, el bloqueo y desinstalaci\u00f3n de las mismas se rige por sus condiciones y mecanismos espec\u00edficos. Tipos de cookies seg\u00fan el plazo de tiempo que permanecen activadas en el equipo terminal<\/span><\/span><\/p>\n<p class=\"western\" lang=\"es-ES\" align=\"JUSTIFY\"><span style=\"font-family: Calibri, sans-serif;\"><span style=\"font-size: medium;\"><b>Cookies de sesi\u00f3n<\/b>: Son un tipo de cookies dise\u00f1adas para recabar y almacenar datos mientras el usuario accede a una p\u00e1gina web. Estas cookies se almacenan en su terminal hasta que finalice la sesi\u00f3n de navegaci\u00f3n del usuario.<\/span><\/span><\/p>\n<p class=\"western\" lang=\"es-ES\" align=\"JUSTIFY\"><span style=\"font-family: Calibri, sans-serif;\"><span style=\"font-size: medium;\"><b>Cookies persistentes<\/b>: Son un tipo de cookies en el que los datos siguen almacenados en el terminal y pueden ser accedidos y tratados durante un periodo definido por el responsable de la cookie, y que puede ir de unos minutos a varios a\u00f1os.<\/span><\/span><\/p>\n<ol start=\"2\">\n<li>\n<h3 class=\"western\" lang=\"es-ES\" align=\"LEFT\"><span style=\"font-family: Calibri, sans-serif;\"><span style=\"font-size: medium;\">Tipos de cookies seg\u00fan su finalidad<\/span><\/span><\/h3>\n<\/li>\n<\/ol>\n<p class=\"western\" lang=\"es-ES\" align=\"JUSTIFY\"><span style=\"font-family: Calibri, sans-serif;\"><span style=\"font-size: medium;\"><b>Cookies t\u00e9cnicas<\/b>: Son aqu\u00e9llas que permiten al usuario la navegaci\u00f3n a trav\u00e9s de la p\u00e1gina web o la plataforma y la utilizaci\u00f3n de las diferentes opciones o servicios que en ella existan como, por ejemplo, controlar el tr\u00e1fico y la comunicaci\u00f3n de datos, identificar la sesi\u00f3n, acceder a partes de acceso restringido, utilizar elementos de seguridad durante la navegaci\u00f3n o almacenar contenidos para la difusi\u00f3n de videos o sonido o compartir contenidos a trav\u00e9s de redes sociales como Facebook o Youtube. Se trata de cookies de sesi\u00f3n y persistentes.<\/span><\/span><\/p>\n<p class=\"western\" lang=\"es-ES\" align=\"JUSTIFY\"><span style=\"font-family: Calibri, sans-serif;\"><span style=\"font-size: medium;\"><b>Cookies de personalizaci\u00f3n<\/b>: Son aqu\u00e9llas que permiten al usuario acceder al servicio con algunas caracter\u00edsticas predefinidas en funci\u00f3n de una serie de criterios en el terminal del usuario como por ejemplo, el tipo de navegador a trav\u00e9s del cual accede al servicio, la configuraci\u00f3n regional desde donde accede al servicio, etc.<\/span><\/span><\/p>\n<p class=\"western\" lang=\"es-ES\" align=\"JUSTIFY\"><span style=\"font-family: Calibri, sans-serif;\"><span style=\"font-size: medium;\"><b>Cookies anal\u00edticas<\/b>: Son aqu\u00e9llas que nos permiten cuantificar el n\u00famero de usuarios y as\u00ed realizar la medici\u00f3n y an\u00e1lisis estad\u00edstico de la utilizaci\u00f3n que hacen los usuarios de nuestra web. Para ello se analiza su navegaci\u00f3n en nuestra p\u00e1gina web con el fin de mejorarla.<\/span><\/span><\/p>\n<p class=\"western\" lang=\"es-ES\" align=\"JUSTIFY\"><span style=\"font-family: Calibri, sans-serif;\"><span style=\"font-size: medium;\"><b>Cookies publicitarias<\/b>: Son aqu\u00e9llas que permiten la gesti\u00f3n, de la forma m\u00e1s eficaz posible, de los espacios publicitarios que se pudieran incluir en nuestra p\u00e1gina web.<\/span><\/span><\/p>\n<p class=\"western\" lang=\"es-ES\" align=\"JUSTIFY\"><span style=\"font-family: Calibri, sans-serif;\"><span style=\"font-size: medium;\"><b>Cookies de publicidad comportamental<\/b>: Estas cookies almacenan informaci\u00f3n del comportamiento de los usuarios obtenida a trav\u00e9s de la observaci\u00f3n continuada. Gracias a ellas, podemos conocer los h\u00e1bitos de navegaci\u00f3n en internet y mostrarte publicidad relacionada con tu perfil de navegaci\u00f3n.<\/span><\/span><\/p>\n<h3 class=\"western\" lang=\"es-ES\" align=\"JUSTIFY\"><span style=\"font-family: Calibri, sans-serif;\"><span style=\"font-size: medium;\">Gesti\u00f3n de cookies<\/span><\/span><\/h3>\n<p class=\"western\" lang=\"es-ES\" align=\"JUSTIFY\"><span style=\"font-family: Calibri, sans-serif;\"><span style=\"font-size: medium;\">Puedes permitir, bloquear o eliminar las cookies instaladas en tu equipo mediante la configuraci\u00f3n de las opciones de tu navegador de Internet. En caso de que no permitas la instalaci\u00f3n de cookies en tu navegador es posible que no puedas acceder a algunos de los servicios y que tu experiencia en nuestra web pueda resultar menos satisfactoria.<\/span><\/span><\/p>\n<p class=\"western\" lang=\"es-ES\" align=\"JUSTIFY\"><span style=\"font-family: Calibri, sans-serif;\"><span style=\"font-size: medium;\">En los siguientes enlaces, y exclusivamente de modo orientativo, tienes a tu disposici\u00f3n informaci\u00f3n para configurar o deshabilitar sus cookies en cada navegador:<\/span><\/span><\/p>\n<ol>\n<li style=\"list-style-type: none;\">\n<ol type=\"a\">\n<li>\n<h2 class=\"western\" lang=\"es-ES\" align=\"LEFT\"><span style=\"color: #000000;\"><a style=\"color: #000000;\" href=\"https:\/\/support.google.com\/accounts\/answer\/61416?hl=es\"><span style=\"font-family: Calibri, sans-serif;\"><span style=\"font-size: medium;\"><u>Google<\/u><\/span><\/span><u> <\/u><span style=\"font-family: Calibri, sans-serif;\"><span style=\"font-size: medium;\"><u>Chrome<\/u><\/span><\/span><\/a><\/span><\/h2>\n<\/li>\n<li>\n<p lang=\"es-ES\" align=\"LEFT\"><span style=\"font-size: medium; color: #000000;\"><a style=\"color: #000000;\" href=\"https:\/\/support.mozilla.org\/es\/kb\/habilitar-y-deshabilitar-cookies-que-los-sitios-we\"><span style=\"font-family: Calibri, sans-serif;\"><u>Mozilla<\/u><\/span><u> <\/u><span style=\"font-family: Calibri, sans-serif;\"><u>Firefox<\/u><\/span><\/a><\/span><\/p>\n<\/li>\n<li>\n<h2 class=\"western\" lang=\"es-ES\" align=\"LEFT\"><span style=\"color: #000000;\"><a style=\"color: #000000;\" href=\"http:\/\/windows.microsoft.com\/es-es\/windows-vista\/block-or-allow-cookies\"><span style=\"font-family: Calibri, sans-serif;\"><span style=\"font-size: medium;\"><u>Internet<\/u><\/span><\/span><u> <\/u><span style=\"font-family: Calibri, sans-serif;\"><span style=\"font-size: medium;\"><u>Explorer<\/u><\/span><\/span><\/a><\/span><\/h2>\n<\/li>\n<li>\n<p lang=\"es-ES\" align=\"LEFT\"><span style=\"font-size: medium; color: #000000;\"><a style=\"color: #000000;\" href=\"https:\/\/privacy.microsoft.com\/es-es\/windows-10-microsoft-edge-and-privacy\"><span style=\"font-family: Calibri, sans-serif;\"><u>Microsoft<\/u><\/span> <span style=\"font-family: Calibri, sans-serif;\">Edge<\/span><\/a><\/span><\/p>\n<\/li>\n<li>\n<h2 class=\"western\" lang=\"es-ES\" align=\"LEFT\"><span style=\"color: #000000;\"><a style=\"color: #000000;\" href=\"http:\/\/support.apple.com\/kb\/PH17191?viewlocale=es_ES\"><span style=\"font-family: Calibri, sans-serif;\"><span style=\"font-size: medium;\"><u>Safari<\/u><\/span><\/span><\/a><\/span><\/h2>\n<\/li>\n<li>\n<p lang=\"es-ES\" align=\"LEFT\"><span style=\"font-size: medium; color: #000000;\"><a style=\"color: #000000;\" href=\"http:\/\/support.apple.com\/kb\/HT1677?viewlocale=es_ES\"><span style=\"font-family: Calibri, sans-serif;\"><u>Safari<\/u><\/span><u> <\/u><span style=\"font-family: Calibri, sans-serif;\"><u>para<\/u><\/span><u> <\/u><span style=\"font-family: Calibri, sans-serif;\"><u>IOS<\/u><\/span><u> <\/u><span style=\"font-family: Calibri, sans-serif;\"><u>(iPhone y iPad)<\/u><\/span><\/a><a style=\"color: #000000;\" href=\"https:\/\/support.google.com\/chrome\/answer\/2392971?hl=es\"><span style=\"font-family: Calibri, sans-serif;\"><u>Chrome<\/u><\/span><u> <\/u><span style=\"font-family: Calibri, sans-serif;\"><u>para<\/u><\/span><u> <\/u><span style=\"font-family: Calibri, sans-serif;\"><u>Android<\/u><\/span><\/a><\/span><\/p>\n<\/li>\n<\/ol>\n<\/li>\n<\/ol>\n<p class=\"western\" lang=\"es-ES\" align=\"JUSTIFY\"><span style=\"font-family: Calibri, sans-serif;\"><span style=\"font-size: medium;\">Debe tener en cuenta que algunas de las cookies incluidas en las categor\u00edas de cookies descritas anteriormente las almacenan terceros en su equipo cuando el usuario utiliza nuestra web. No tenemos control alguno sobre estas cookies o el modo en que las utilizan los terceros. Se utilizan para permitir al tercero prestarnos un servicio, por ejemplo, de an\u00e1lisis.<\/span><\/span><\/p>\n","protected":false},"excerpt":{"rendered":"<p>Aviso Legal Este sitio web es propiedad, y est\u00e1 bajo responsabilidad de, INMACULADA MORENO BENICIO, con NIF 30950479T, correo electr\u00f3nico &hellip; <a href=\"https:\/\/inmabenicio.es\/?page_id=1622\" class=\"more-link\"><span class=\"more-button\">Sigue leyendo<span class=\"screen-reader-text\">AVISO LEGAL &#8211; POLITICA DE PRIVACIDAD &#8211; POLITICA DE COOKIES<\/span><\/span><\/a><\/p>\n","protected":false},"author":1,"featured_media":0,"parent":171,"menu_order":0,"comment_status":"closed","ping_status":"closed","template":"","meta":{"_bbp_topic_count":0,"_bbp_reply_count":0,"_bbp_total_topic_count":0,"_bbp_total_reply_count":0,"_bbp_voice_count":0,"_bbp_anonymous_reply_count":0,"_bbp_topic_count_hidden":0,"_bbp_reply_count_hidden":0,"_bbp_forum_subforum_count":0,"sfsi_plus_gutenberg_text_before_share":"","sfsi_plus_gutenberg_show_text_before_share":"","sfsi_plus_gutenberg_icon_type":"","sfsi_plus_gutenberg_icon_alignemt":"","sfsi_plus_gutenburg_max_per_row":"","footnotes":""},"class_list":["post-1622","page","type-page","status-publish","hentry"],"jetpack_sharing_enabled":true,"_links":{"self":[{"href":"https:\/\/inmabenicio.es\/index.php?rest_route=\/wp\/v2\/pages\/1622","targetHints":{"allow":["GET"]}}],"collection":[{"href":"https:\/\/inmabenicio.es\/index.php?rest_route=\/wp\/v2\/pages"}],"about":[{"href":"https:\/\/inmabenicio.es\/index.php?rest_route=\/wp\/v2\/types\/page"}],"author":[{"embeddable":true,"href":"https:\/\/inmabenicio.es\/index.php?rest_route=\/wp\/v2\/users\/1"}],"replies":[{"embeddable":true,"href":"https:\/\/inmabenicio.es\/index.php?rest_route=%2Fwp%2Fv2%2Fcomments&post=1622"}],"version-history":[{"count":5,"href":"https:\/\/inmabenicio.es\/index.php?rest_route=\/wp\/v2\/pages\/1622\/revisions"}],"predecessor-version":[{"id":1869,"href":"https:\/\/inmabenicio.es\/index.php?rest_route=\/wp\/v2\/pages\/1622\/revisions\/1869"}],"up":[{"embeddable":true,"href":"https:\/\/inmabenicio.es\/index.php?rest_route=\/wp\/v2\/pages\/171"}],"wp:attachment":[{"href":"https:\/\/inmabenicio.es\/index.php?rest_route=%2Fwp%2Fv2%2Fmedia&parent=1622"}],"curies":[{"name":"wp","href":"https:\/\/api.w.org\/{rel}","templated":true}]}}